{"id":719,"date":"2015-04-22T11:19:21","date_gmt":"2015-04-22T11:19:21","guid":{"rendered":"http:\/\/www.pruebas.promocion3d.com\/?page_id=719"},"modified":"2017-05-23T16:46:35","modified_gmt":"2017-05-23T16:46:35","slug":"departamento-juridico","status":"publish","type":"page","link":"http:\/\/www.fincasmoles.com\/ca\/departamento-juridico\/","title":{"rendered":"Departament jur\u00eddic"},"content":{"rendered":"<p>El nostre departament jur\u00eddic est\u00e0 format per <strong>advocats exercents<\/strong> especialitzats en litigis civils amb <strong>experi\u00e8ncia professional de m\u00e9s de 30 anys<\/strong>. Les \u00e0rees principals de l\u2019actuaci\u00f3 del nostre departament s\u00f3n el Dret Immobiliari, el Dret Urban\u00edstic, de de la Construcci\u00f3 i de la Propietat Horitzontal.<img decoding=\"async\" loading=\"lazy\" class=\"alignleft  wp-image-105\" src=\"http:\/\/www.fincasmoles.com\/wp-content\/uploads\/2014\/09\/Logo-juridico.jpg\" alt=\"Logo-juridico\" width=\"221\" height=\"207\" srcset=\"http:\/\/www.fincasmoles.com\/wp-content\/uploads\/2014\/09\/Logo-juridico.jpg 320w, http:\/\/www.fincasmoles.com\/wp-content\/uploads\/2014\/09\/Logo-juridico-300x281.jpg 300w\" sizes=\"(max-width: 221px) 100vw, 221px\" \/><\/p>\n<ul>\n<li>Arrendaments urbans.<\/li>\n<li>Reclamaci\u00f3 de quotes comunit\u00e0ries.<\/li>\n<li>Compliment d\u2019acords comunitaris.<\/li>\n<li>Reclamacions de quantitats.<\/li>\n<li>Tramitaci\u00f3 d\u2019her\u00e8ncies.<\/li>\n<\/ul>\n<p>El nostre equip l\u2019assessorar\u00e0 en tot el que precisi i li elaborar\u00e0 els informes jur\u00eddics contrastats amb la jurisprud\u00e8ncia m\u00e9s actualitzada.<\/p>\n","protected":false},"excerpt":{"rendered":"<p>El nostre departament jur\u00eddic est\u00e0 format per advocats exercents especialitzats en litigis civils amb experi\u00e8ncia professional de m\u00e9s de 30 anys. Les \u00e0rees principals de l\u2019actuaci\u00f3 del nostre departament s\u00f3n el Dret Immobiliari, el Dret Urban\u00edstic, de de la Construcci\u00f3 i de la Propietat Horitzontal. Arrendaments urbans. Reclamaci\u00f3 de quotes comunit\u00e0ries. Compliment d\u2019acords comunitaris. Reclamacions&#8230;<a href=\"http:\/\/www.fincasmoles.com\/ca\/departamento-juridico\/\" class=\"epl-more-link\">Llegir m\u00e9s&rarr;<\/a><\/p>\n","protected":false},"author":2,"featured_media":0,"parent":0,"menu_order":0,"comment_status":"open","ping_status":"closed","template":"","meta":[],"yoast_head":"<!-- This site is optimized with the Yoast SEO plugin v19.9 - https:\/\/yoast.com\/wordpress\/plugins\/seo\/ -->\n<title>Departament jur\u00eddic - Fincas Moles<\/title>\n<meta name=\"robots\" content=\"index, follow, max-snippet:-1, max-image-preview:large, max-video-preview:-1\" \/>\n<link rel=\"canonical\" href=\"http:\/\/www.fincasmoles.com\/ca\/departamento-juridico\/\" \/>\n<meta property=\"og:locale\" content=\"ca_ES\" \/>\n<meta property=\"og:type\" content=\"article\" \/>\n<meta property=\"og:title\" content=\"Departament jur\u00eddic - Fincas Moles\" \/>\n<meta property=\"og:description\" content=\"El nostre departament jur\u00eddic est\u00e0 format per advocats exercents especialitzats en litigis civils amb experi\u00e8ncia professional de m\u00e9s de 30 anys. Les \u00e0rees principals de l\u2019actuaci\u00f3 del nostre departament s\u00f3n el Dret Immobiliari, el Dret Urban\u00edstic, de de la Construcci\u00f3 i de la Propietat Horitzontal. Arrendaments urbans. Reclamaci\u00f3 de quotes comunit\u00e0ries. Compliment d\u2019acords comunitaris. Reclamacions...Llegir m\u00e9s&rarr;\" \/>\n<meta property=\"og:url\" content=\"http:\/\/www.fincasmoles.com\/ca\/departamento-juridico\/\" \/>\n<meta property=\"og:site_name\" content=\"Fincas Moles\" \/>\n<meta property=\"article:modified_time\" content=\"2017-05-23T16:46:35+00:00\" \/>\n<meta property=\"og:image\" content=\"http:\/\/www.fincasmoles.com\/wp-content\/uploads\/2014\/09\/Logo-juridico.jpg\" \/>\n<script type=\"application\/ld+json\" class=\"yoast-schema-graph\">{\"@context\":\"https:\/\/schema.org\",\"@graph\":[{\"@type\":\"WebPage\",\"@id\":\"http:\/\/www.fincasmoles.com\/ca\/departamento-juridico\/\",\"url\":\"http:\/\/www.fincasmoles.com\/ca\/departamento-juridico\/\",\"name\":\"Departament jur\u00eddic - Fincas Moles\",\"isPartOf\":{\"@id\":\"https:\/\/www.fincasmoles.com\/en\/#website\"},\"datePublished\":\"2015-04-22T11:19:21+00:00\",\"dateModified\":\"2017-05-23T16:46:35+00:00\",\"breadcrumb\":{\"@id\":\"http:\/\/www.fincasmoles.com\/ca\/departamento-juridico\/#breadcrumb\"},\"inLanguage\":\"ca\",\"potentialAction\":[{\"@type\":\"ReadAction\",\"target\":[\"http:\/\/www.fincasmoles.com\/ca\/departamento-juridico\/\"]}]},{\"@type\":\"BreadcrumbList\",\"@id\":\"http:\/\/www.fincasmoles.com\/ca\/departamento-juridico\/#breadcrumb\",\"itemListElement\":[{\"@type\":\"ListItem\",\"position\":1,\"name\":\"Portada\",\"item\":\"http:\/\/www.fincasmoles.com\/ca\/\"},{\"@type\":\"ListItem\",\"position\":2,\"name\":\"Departament jur\u00eddic\"}]},{\"@type\":\"WebSite\",\"@id\":\"https:\/\/www.fincasmoles.com\/en\/#website\",\"url\":\"https:\/\/www.fincasmoles.com\/en\/\",\"name\":\"Fincas Moles\",\"description\":\"Moles\",\"potentialAction\":[{\"@type\":\"SearchAction\",\"target\":{\"@type\":\"EntryPoint\",\"urlTemplate\":\"https:\/\/www.fincasmoles.com\/en\/?s={search_term_string}\"},\"query-input\":\"required name=search_term_string\"}],\"inLanguage\":\"ca\"}]}<\/script>\n<!-- \/ Yoast SEO plugin. -->","yoast_head_json":{"title":"Departament jur\u00eddic - Fincas Moles","robots":{"index":"index","follow":"follow","max-snippet":"max-snippet:-1","max-image-preview":"max-image-preview:large","max-video-preview":"max-video-preview:-1"},"canonical":"http:\/\/www.fincasmoles.com\/ca\/departamento-juridico\/","og_locale":"ca_ES","og_type":"article","og_title":"Departament jur\u00eddic - Fincas Moles","og_description":"El nostre departament jur\u00eddic est\u00e0 format per advocats exercents especialitzats en litigis civils amb experi\u00e8ncia professional de m\u00e9s de 30 anys. Les \u00e0rees principals de l\u2019actuaci\u00f3 del nostre departament s\u00f3n el Dret Immobiliari, el Dret Urban\u00edstic, de de la Construcci\u00f3 i de la Propietat Horitzontal. Arrendaments urbans. Reclamaci\u00f3 de quotes comunit\u00e0ries. Compliment d\u2019acords comunitaris. Reclamacions...Llegir m\u00e9s&rarr;","og_url":"http:\/\/www.fincasmoles.com\/ca\/departamento-juridico\/","og_site_name":"Fincas Moles","article_modified_time":"2017-05-23T16:46:35+00:00","og_image":[{"url":"http:\/\/www.fincasmoles.com\/wp-content\/uploads\/2014\/09\/Logo-juridico.jpg"}],"schema":{"@context":"https:\/\/schema.org","@graph":[{"@type":"WebPage","@id":"http:\/\/www.fincasmoles.com\/ca\/departamento-juridico\/","url":"http:\/\/www.fincasmoles.com\/ca\/departamento-juridico\/","name":"Departament jur\u00eddic - Fincas Moles","isPartOf":{"@id":"https:\/\/www.fincasmoles.com\/en\/#website"},"datePublished":"2015-04-22T11:19:21+00:00","dateModified":"2017-05-23T16:46:35+00:00","breadcrumb":{"@id":"http:\/\/www.fincasmoles.com\/ca\/departamento-juridico\/#breadcrumb"},"inLanguage":"ca","potentialAction":[{"@type":"ReadAction","target":["http:\/\/www.fincasmoles.com\/ca\/departamento-juridico\/"]}]},{"@type":"BreadcrumbList","@id":"http:\/\/www.fincasmoles.com\/ca\/departamento-juridico\/#breadcrumb","itemListElement":[{"@type":"ListItem","position":1,"name":"Portada","item":"http:\/\/www.fincasmoles.com\/ca\/"},{"@type":"ListItem","position":2,"name":"Departament jur\u00eddic"}]},{"@type":"WebSite","@id":"https:\/\/www.fincasmoles.com\/en\/#website","url":"https:\/\/www.fincasmoles.com\/en\/","name":"Fincas Moles","description":"Moles","potentialAction":[{"@type":"SearchAction","target":{"@type":"EntryPoint","urlTemplate":"https:\/\/www.fincasmoles.com\/en\/?s={search_term_string}"},"query-input":"required name=search_term_string"}],"inLanguage":"ca"}]}},"_links":{"self":[{"href":"http:\/\/www.fincasmoles.com\/ca\/wp-json\/wp\/v2\/pages\/719"}],"collection":[{"href":"http:\/\/www.fincasmoles.com\/ca\/wp-json\/wp\/v2\/pages"}],"about":[{"href":"http:\/\/www.fincasmoles.com\/ca\/wp-json\/wp\/v2\/types\/page"}],"author":[{"embeddable":true,"href":"http:\/\/www.fincasmoles.com\/ca\/wp-json\/wp\/v2\/users\/2"}],"replies":[{"embeddable":true,"href":"http:\/\/www.fincasmoles.com\/ca\/wp-json\/wp\/v2\/comments?post=719"}],"version-history":[{"count":0,"href":"http:\/\/www.fincasmoles.com\/ca\/wp-json\/wp\/v2\/pages\/719\/revisions"}],"wp:attachment":[{"href":"http:\/\/www.fincasmoles.com\/ca\/wp-json\/wp\/v2\/media?parent=719"}],"curies":[{"name":"wp","href":"https:\/\/api.w.org\/{rel}","templated":true}]}}